{"id":62,"date":"2024-07-08T19:39:49","date_gmt":"2024-07-08T16:09:49","guid":{"rendered":"https:\/\/frz.world\/clf\/contact\/"},"modified":"2025-02-06T20:51:40","modified_gmt":"2025-02-06T17:21:40","slug":"contact","status":"publish","type":"page","link":"https:\/\/www.clf-teh.org\/fr\/contact\/","title":{"rendered":"Contact"},"content":{"rendered":"\n<h3 class=\"wp-block-heading has-text-align-center\" id=\"h-centre-de-langue-francaise-clf\">Centre de Langue fran\u00e7aise, CLF<\/h3>\n\n\n\n<p class=\"has-text-align-center\">Avenue Enghelab <br>Entre le carrefour Kaledj et la place Ferdowsi<br>Rue Abivard, impasse Kimia 8<br>T\u00e9h\u00e9ran<br><a href=\"https:\/\/www.google.com\/maps\/place\/French+Language+Center+Tehran\/@35.7004392,51.4144112,15z\/data=!4m2!3m1!1s0x0:0x501b7692b8b82acd?sa=X&amp;ved=1t:2428&amp;ictx=111\" target=\"_blank\" rel=\"noreferrer noopener\">Voir sur le plan<\/a><br><br> Le CLF vous r\u00e9pond<br>du dimanche au mercredi<br>de 09h \u00e0 18h<br>le jeudi<br>de 09h \u00e0 17h<br><br>Num\u00e9ros d&rsquo;appel<br>40\/41\/43\/44 50 70 66<br><a href=\"tel:+982166714156\">66 71 41 56<\/a><br><a href=\"tel:+982166716908\">66 71 69 08<\/a><br><a href=\"tel:+982166706809\" target=\"_blank\" rel=\"noreferrer noopener\">66 70 68 09<\/a><\/p>\n\n\n\n<a class=\"map-wrap\" href=\"https:\/\/www.google.com\/maps\/place\/French+Language+Center+Tehran\/@35.7004392,51.4144112,15z\/data=!4m2!3m1!1s0x0:0x501b7692b8b82acd?sa=X&amp;ved=1t:2428&amp;ictx=111\" target=\"_blank\" rel=\"noopener\">\n            <img decoding=\"async\" src=\"https:\/\/frz.world\/clf\/wp-content\/themes\/clf\/images\/map.jpg\">\n        <\/a>\n\n\n<div style=\"margin-top: 40px; margin-bottom: 40px; \" class=\"wp-block-ub-divider ub_divider ub-divider-orientation-horizontal\" id=\"ub_divider_a80aaa57-4b44-4b50-87f6-f9ea652d060a\"><div class=\"ub_divider_wrapper\" style=\"position: relative; margin-bottom: 2px; width: 100%; height: 2px; \" data-divider-alignment=\"center\"><div class=\"ub_divider_line\" style=\"border-top: 2px dashed #f2f2f2; margin-top: 2px; \"><\/div><\/div><\/div>\n\n<div class=\"wp-block-ub-content-toggle wp-block-ub-content-toggle-block\" id=\"ub-content-toggle-block-6ebf58c6-a5cf-4455-8e81-9be1bdf7d100\" data-mobilecollapse=\"true\" data-desktopcollapse=\"false\" data-preventcollapse=\"false\" data-showonlyone=\"false\">\n<div class=\"wp-block-ub-content-toggle-accordion contact-faq\" style=\"border-color: #f1f1f1; \" id=\"ub-content-toggle-panel-block-66009595-dccc-498a-b359-35f86349d1fa\">\n\t\t\t<div class=\"wp-block-ub-content-toggle-accordion-title-wrap\" style=\"background-color: #f1f1f1;\" aria-controls=\"ub-content-toggle-panel-0-6ebf58c6-a5cf-4455-8e81-9be1bdf7d100\" tabindex=\"0\">\n\t\t\t<p class=\"wp-block-ub-content-toggle-accordion-title ub-content-toggle-title-6ebf58c6-a5cf-4455-8e81-9be1bdf7d100\" style=\"color: #000000; \"><strong>Les jours f\u00e9ri\u00e9s en 2024<\/strong><\/p>\n\t\t\t<div class=\"wp-block-ub-content-toggle-accordion-toggle-wrap right\" style=\"color: #000000;\"><span class=\"wp-block-ub-content-toggle-accordion-state-indicator wp-block-ub-math-plus open\"><\/span><\/div>\n\t\t<\/div>\n\t\t\t<div role=\"region\" aria-expanded=\"true\" class=\"wp-block-ub-content-toggle-accordion-content-wrap\" id=\"ub-content-toggle-panel-0-6ebf58c6-a5cf-4455-8e81-9be1bdf7d100\">\n\n<p><\/p>\n\n\n\n<figure class=\"wp-block-table  tarifs-class is-style-stripes\"><table class=\"has-fixed-layout\"><thead><tr><th class=\"has-text-align-center\" data-align=\"center\">Description<\/th><th class=\"has-text-align-center\" data-align=\"center\">Date<\/th><\/tr><\/thead><tbody><tr><td class=\"has-text-align-center\" data-align=\"center\">Jour de l&rsquo;an<\/td><td class=\"has-text-align-center\" data-align=\"center\">Lundi 1er janvier 2024 &#8211; 11 dey 1402<\/td><\/tr><tr><td class=\"has-text-align-center\" data-align=\"center\">Anniversaire de l&rsquo;Imam Ali<\/td><td class=\"has-text-align-center\" data-align=\"center\">Jeudi 25 janvier &#8211; 5 bahman<\/td><\/tr><tr><td class=\"has-text-align-center\" data-align=\"center\">R\u00e9v\u00e9lation du Proph\u00e8te Mohammad<\/td><td class=\"has-text-align-center\" data-align=\"center\">Jeudi 8 f\u00e9vrier &#8211; 19 bahman<\/td><\/tr><tr><td class=\"has-text-align-center\" data-align=\"center\">Anniversaire de la r\u00e9volution islamique<\/td><td class=\"has-text-align-center\" data-align=\"center\">Dimanche 11 f\u00e9vrier &#8211; 22 bahman<\/td><\/tr><tr><td class=\"has-text-align-center\" data-align=\"center\">Anniversaire de l&rsquo;Imam Mahdi<\/td><td class=\"has-text-align-center\" data-align=\"center\">Dimanche 25 f\u00e9vrier &#8211; 6 esfand<\/td><\/tr><tr><td class=\"has-text-align-center\" data-align=\"center\">Jour de la Nationalisation du p\u00e9trole<\/td><td class=\"has-text-align-center\" data-align=\"center\">Dimanche 19 mars &#8211; 29 esfand<\/td><\/tr><tr><td class=\"has-text-align-center\" data-align=\"center\">Norouz, f\u00eate du nouvel an iranien<\/td><td class=\"has-text-align-center\" data-align=\"center\">Du mercredi 20 mars au lundi 1er avril inclus &#8211;<br>Du 1er au 13 farvardin 1403 inclus<\/td><\/tr><tr><td class=\"has-text-align-center\" data-align=\"center\">Eyede Fetr<\/td><td class=\"has-text-align-center\" data-align=\"center\">Mercredi 10 et jeudi 11 avril &#8211; 22 et 23 farvardin<\/td><\/tr><tr><td class=\"has-text-align-center\" data-align=\"center\">F\u00eate du travail<\/td><td class=\"has-text-align-center\" data-align=\"center\">Mercredi 1er mai &#8211; 12 ordibehesht<\/td><\/tr><tr><td class=\"has-text-align-center\" data-align=\"center\">D\u00e9c\u00e8s de l&rsquo;Imam Jafar<\/td><td class=\"has-text-align-center\" data-align=\"center\">Samedi 4 mai &#8211; 15 ordibehesht<\/td><\/tr><tr><td class=\"has-text-align-center\" data-align=\"center\">Ascension<\/td><td class=\"has-text-align-center\" data-align=\"center\">Jeudi 9 mai 2023 &#8211; 20 ordibehesht<\/td><\/tr><tr><td class=\"has-text-align-center\" data-align=\"center\">D\u00e9c\u00e8s de l&rsquo;Imam Khomeini<\/td><td class=\"has-text-align-center\" data-align=\"center\">Lundi 3 juin &#8211; 14 khordad<\/td><\/tr><tr><td class=\"has-text-align-center\" data-align=\"center\">Soul\u00e8vement du 15 khordad<\/td><td class=\"has-text-align-center\" data-align=\"center\">Mardi 4 juin &#8211; 15 khordad<\/td><\/tr><tr><td class=\"has-text-align-center\" data-align=\"center\">Eyde Ghorban<\/td><td class=\"has-text-align-center\" data-align=\"center\">Lundi 17 juin &#8211; 28 khordad<\/td><\/tr><tr><td class=\"has-text-align-center\" data-align=\"center\">Eyde Ghadir<\/td><td class=\"has-text-align-center\" data-align=\"center\">Mardi 25 juin &#8211; 5 tir<\/td><\/tr><tr><td class=\"has-text-align-center\" data-align=\"center\">Tassoua<\/td><td class=\"has-text-align-center\" data-align=\"center\">Lundi 15 juillet &#8211; 25 tir<\/td><\/tr><tr><td class=\"has-text-align-center\" data-align=\"center\">Ashoura<\/td><td class=\"has-text-align-center\" data-align=\"center\">Mardi 16 juillet &#8211; 26 tir<\/td><\/tr><tr><td class=\"has-text-align-center\" data-align=\"center\">Arba\u00efn, 40\u00e8me jour du d\u00e9c\u00e8s de l&rsquo;Imam Hossein<\/td><td class=\"has-text-align-center\" data-align=\"center\">Dimanche 25 ao\u00fbt &#8211; 4 shahrivar<\/td><\/tr><tr><td class=\"has-text-align-center\" data-align=\"center\">D\u00e9c\u00e8s du proph\u00e8te Mohammad<\/td><td class=\"has-text-align-center\" data-align=\"center\">Lundi 2 septembre &#8211; 12 shahrivar<\/td><\/tr><tr><td class=\"has-text-align-center\" data-align=\"center\">D\u00e9c\u00e8s de l&rsquo;Imam R\u00e9za<\/td><td class=\"has-text-align-center\" data-align=\"center\">Mercredi 4 septembre &#8211; 14 shahrivar<\/td><\/tr><tr><td class=\"has-text-align-center\" data-align=\"center\">D\u00e9c\u00e8s de l&rsquo;Imam Hassan Askari<\/td><td class=\"has-text-align-center\" data-align=\"center\">Jeudi 12 septembre 2023 &#8211; 22 shahrivar<br><\/td><\/tr><tr><td class=\"has-text-align-center\" data-align=\"center\">Anniversaire du proph\u00e8te Mohammad<\/td><td class=\"has-text-align-center\" data-align=\"center\">Samedi 21 septembre &#8211; 31 shahrivar<\/td><\/tr><tr><td class=\"has-text-align-center\" data-align=\"center\">D\u00e9c\u00e8s de la v\u00e9n\u00e9r\u00e9e Fatima Zahra<\/td><td class=\"has-text-align-center\" data-align=\"center\">Jeudi 5 d\u00e9cembre &#8211; 15 azar<\/td><\/tr><tr><td class=\"has-text-align-center\" data-align=\"center\">No\u00ebl<\/td><td class=\"has-text-align-center\" data-align=\"center\">Mercredi 25 d\u00e9cembre &#8211; 5 dey 1402<\/td><\/tr><\/tbody><\/table><\/figure>\n\n\n\n<p><\/p>\n\n<\/div>\n\t\t<\/div>\n<\/div>\n\n\n<div class=\"wp-block-columns is-layout-flex wp-container-core-columns-is-layout-9d6595d7 wp-block-columns-is-layout-flex\">\n<div class=\"wp-block-column is-layout-flow wp-block-column-is-layout-flow\">\n<p class=\"has-text-align-right\"><strong>Service des cours<\/strong><br>Du dimanche au jeudi<br>de 10h \u00e0 13h et<br>de 14h \u00e0 16h<br><a href=\"mailto:admin.cours@clf-teh.org\">admin.cours@clf-teh.org<\/a><br><br><br><strong>Service des examens DELF, DALF et<\/strong> <br>TCFDu dimanche <br>au jeudi de 10h \u00e0 13h<br> et de 14h \u00e0 16h<br><a href=\"mailto:testdeplacement@clf-teh.org\">testdeplacement@clf-teh.org<\/a><br><a href=\"mailto:delf-dalf@clf-teh.org\">delf-dalf@clf-teh.org<\/a><br><a href=\"mailto:tcf@clf-teh.org\">tcf@clf-teh.org<\/a><br><br><strong>Campus France Iran<\/strong><br>Du dimanche <br>au jeudi, de 10h \u00e0 13h, appelez le<br><a href=\"tel:+989334546853\">+989334546853<\/a><br><a href=\"mailto:campusfrance@clf-teh.org\">campusfrance@clf-teh.org<\/a><\/p>\n<\/div>\n\n\n\n<div class=\"wp-block-column is-layout-flow wp-block-column-is-layout-flow\">\n<p class=\"has-text-align-left\"><strong>M\u00e9diath\u00e8que<\/strong><br>Du dimanche au mercredi<br>de 09h30 \u00e0 18h<br>Le jeudi<br>de 09h30 \u00e0 16h<br><a href=\"mailto:mediatheque@clf-teh.org\">mediatheque@clf-teh.org<\/a><br><br><strong>Bureau des formations<\/strong><br>Du dimanche <br>au jeudi de 10h \u00e0 13h <br>et de 14h \u00e0 16h<br><br><\/p>\n\n\n\n<p class=\"has-text-align-left\"><br><br><strong>Caisse<\/strong><br>Du dimanche au jeudi, de 10h \u00e0 17h<br><a href=\"mailto:caisse@clf-teh.org\">caisse@clf-teh.org<\/a><br><strong>Administration<\/strong><br>Du dimanche au jeudi, de 10h \u00e0 17h<\/p>\n<\/div>\n<\/div>\n\n\n\n<div class=\"wp-block-columns contact-wrap is-layout-flex wp-container-core-columns-is-layout-9d6595d7 wp-block-columns-is-layout-flex\">\n<div class=\"wp-block-column form-wrap is-layout-flow wp-block-column-is-layout-flow\"><div style=\"margin-top: 40px; margin-bottom: 40px; \" class=\"wp-block-ub-divider ub_divider ub-divider-orientation-horizontal\" id=\"ub_divider_d6dacca1-71bb-4ec4-b100-8ba47c8adccd\"><div class=\"ub_divider_wrapper\" style=\"position: relative; margin-bottom: 2px; width: 100%; height: 2px; \" data-divider-alignment=\"center\"><div class=\"ub_divider_line\" style=\"border-top: 2px dashed #f2f2f2; margin-top: 2px; \"><\/div><\/div><\/div>\n\n\n<p class=\"form-wrap\">Vous pouvez remplir le formulaire ci-dessous avec votre demande et l&rsquo;envoyer \u00e0 l&rsquo;adresse e-mail du service concern\u00e9. Nous vous r\u00e9pondrons dans les plus brefs d\u00e9lais.<\/p>\n\n\n<div class=\"wpforms-container wpforms-container-full wpforms-block wpforms-block-6a92560b-f1f1-447f-80ef-0c2229b163c3 wpforms-render-modern\" id=\"wpforms-4040\"><form id=\"wpforms-form-4040\" class=\"wpforms-validate wpforms-form wpforms-ajax-form\" data-formid=\"4040\" method=\"post\" enctype=\"multipart\/form-data\" action=\"\/fr\/wp-json\/wp\/v2\/pages\/62\" data-token=\"b62fb6a4cc39eda9f584e493de3e5a96\" data-token-time=\"1777802236\"><noscript class=\"wpforms-error-noscript\">Veuillez activer JavaScript dans votre navigateur pour remplir ce formulaire.<\/noscript><div id=\"wpforms-error-noscript\" style=\"display: none;\">Veuillez activer JavaScript dans votre navigateur pour remplir ce formulaire.<\/div><div class=\"wpforms-field-container\"><div id=\"wpforms-4040-field_0-container\" class=\"wpforms-field wpforms-field-name\" data-field-id=\"0\"><label class=\"wpforms-field-label wpforms-label-hide\" for=\"wpforms-4040-field_0\" aria-hidden=\"false\">nom * <span class=\"wpforms-required-label\" aria-hidden=\"true\">*<\/span><\/label><input type=\"text\" id=\"wpforms-4040-field_0\" class=\"wpforms-field-medium wpforms-field-required\" name=\"wpforms[fields][0]\" placeholder=\"nom *\" aria-errormessage=\"wpforms-4040-field_0-error\" required><\/div><div id=\"wpforms-4040-field_3-container\" class=\"wpforms-field wpforms-field-number\" data-field-id=\"3\"><label class=\"wpforms-field-label wpforms-label-hide\" for=\"wpforms-4040-field_3\" aria-hidden=\"false\">Numbers <span class=\"wpforms-required-label\" aria-hidden=\"true\">*<\/span><\/label><input type=\"number\" id=\"wpforms-4040-field_3\" class=\"wpforms-field-medium wpforms-field-required\" name=\"wpforms[fields][3]\" placeholder=\"T\u00e9l\u00e9phone *\" step=\"any\" aria-errormessage=\"wpforms-4040-field_3-error\" required><\/div><div id=\"wpforms-4040-field_5-container\" class=\"wpforms-field wpforms-field-email\" data-field-id=\"5\"><label class=\"wpforms-field-label wpforms-label-hide\" for=\"wpforms-4040-field_5\" aria-hidden=\"false\">email <span class=\"wpforms-required-label\" aria-hidden=\"true\">*<\/span><\/label><input type=\"email\" id=\"wpforms-4040-field_5\" class=\"wpforms-field-medium wpforms-field-required\" name=\"wpforms[fields][5]\" placeholder=\"email *\" spellcheck=\"false\" aria-errormessage=\"wpforms-4040-field_5-error\" required><\/div><div id=\"wpforms-4040-field_4-container\" class=\"wpforms-field wpforms-field-select wpforms-field-select-style-classic\" data-field-id=\"4\"><label class=\"wpforms-field-label\" for=\"wpforms-4040-field_4\">La rubrique concern\u00e9e <span class=\"wpforms-required-label\" aria-hidden=\"true\">*<\/span><\/label><select id=\"wpforms-4040-field_4\" class=\"wpforms-field-medium wpforms-field-required\" name=\"wpforms[fields][4]\" required=\"required\"><option value=\"admin.cours@clf-teh.org\"  class=\"choice-1 depth-1\"  >Cours collectifs<\/option><option value=\"cours.prives@clf-teh.org\"  class=\"choice-2 depth-1\"  >Cours priv\u00e9s<\/option><option value=\"delf-dalf@clf-teh.org\"  class=\"choice-3 depth-1\"  >Examens DELF \/ DALF<\/option><option value=\"tcf@clf-teh.org\"  class=\"choice-4 depth-1\"  >Examens TCF<\/option><option value=\"testdeplacement@clf-teh.org\"  class=\"choice-5 depth-1\"  >Tests de placement<\/option><option value=\"formations@clf-teh.org\"  class=\"choice-6 depth-1\"  >Formations d\u2019enseignants<\/option><option value=\"mediatheque@clf-teh.org\"  class=\"choice-7 depth-1\"  >M\u00e9diath\u00e8que<\/option><option value=\"campusfrance@clf-teh.org\"  class=\"choice-8 depth-1\"  >Campus France Iran<\/option><\/select><\/div><div id=\"wpforms-4040-field_2-container\" class=\"wpforms-field wpforms-field-textarea\" data-field-id=\"2\"><label class=\"wpforms-field-label wpforms-label-hide\" for=\"wpforms-4040-field_2\" aria-hidden=\"false\">Comment or Message <span class=\"wpforms-required-label\" aria-hidden=\"true\">*<\/span><\/label><textarea id=\"wpforms-4040-field_2\" class=\"wpforms-field-medium wpforms-field-required\" name=\"wpforms[fields][2]\" placeholder=\"Texte du message *\" aria-errormessage=\"wpforms-4040-field_2-error\" required><\/textarea><\/div><\/div><!-- .wpforms-field-container --><div class=\"wpforms-submit-container\" ><input type=\"hidden\" name=\"wpforms[id]\" value=\"4040\"><input type=\"hidden\" name=\"page_title\" value=\"\"><input type=\"hidden\" name=\"page_url\" value=\"https:\/\/www.clf-teh.org\/fr\/wp-json\/wp\/v2\/pages\/62\"><input type=\"hidden\" name=\"url_referer\" value=\"\"><button type=\"submit\" name=\"wpforms[submit]\" id=\"wpforms-submit-4040\" class=\"wpforms-submit\" data-alt-text=\"Envoi en cours ...\" data-submit-text=\"soumettre\" aria-live=\"assertive\" value=\"wpforms-submit\">soumettre<\/button><img decoding=\"async\" src=\"https:\/\/www.clf-teh.org\/wp-content\/plugins\/wpforms-lite\/assets\/images\/submit-spin.svg\" class=\"wpforms-submit-spinner\" style=\"display: none;\" width=\"26\" height=\"26\" alt=\"Chargement en cours\"><\/div><\/form><\/div>  <!-- .wpforms-container --><\/div>\n<\/div>\n","protected":false},"excerpt":{"rendered":"<p>Centre de Langue fran\u00e7aise, CLF Avenue Enghelab Entre le carrefour Kaledj et la place FerdowsiRue Abivard, impasse Kimia 8T\u00e9h\u00e9ranVoir sur le plan Le CLF vous r\u00e9ponddu dimanche au mercredide 09h \u00e0 18hle jeudide 09h \u00e0 17h Num\u00e9ros d&rsquo;appel40\/41\/43\/44 50 70 6666 71 41 5666 71 69 0866 70 68 09 Service des coursDu dimanche au [&hellip;]<\/p>\n","protected":false},"author":1,"featured_media":0,"parent":0,"menu_order":0,"comment_status":"closed","ping_status":"closed","template":"","meta":{"_acf_changed":false,"footnotes":""},"class_list":["post-62","page","type-page","status-publish","hentry"],"featured_image_src":null,"acf":[],"yoast_head":"<!-- This site is optimized with the Yoast SEO Premium plugin v23.4 (Yoast SEO v26.9) - https:\/\/yoast.com\/product\/yoast-seo-premium-wordpress\/ -->\n<title>Contact - Centre de langue fran\u00e7aise de T\u00e9h\u00e9ran<\/title>\n<meta name=\"robots\" content=\"index, follow, max-snippet:-1, max-image-preview:large, max-video-preview:-1\" \/>\n<link rel=\"canonical\" href=\"https:\/\/www.clf-teh.org\/fr\/contact\/\" \/>\n<meta property=\"og:locale\" content=\"fr_FR\" \/>\n<meta property=\"og:type\" content=\"article\" \/>\n<meta property=\"og:title\" content=\"Contact\" \/>\n<meta property=\"og:description\" content=\"Centre de Langue fran\u00e7aise, CLF Avenue Enghelab Entre le carrefour Kaledj et la place FerdowsiRue Abivard, impasse Kimia 8T\u00e9h\u00e9ranVoir sur le plan Le CLF vous r\u00e9ponddu dimanche au mercredide 09h \u00e0 18hle jeudide 09h \u00e0 17h Num\u00e9ros d&rsquo;appel40\/41\/43\/44 50 70 6666 71 41 5666 71 69 0866 70 68 09 Service des coursDu dimanche au [&hellip;]\" \/>\n<meta property=\"og:url\" content=\"https:\/\/www.clf-teh.org\/fr\/contact\/\" \/>\n<meta property=\"og:site_name\" content=\"Centre de langue fran\u00e7aise de T\u00e9h\u00e9ran\" \/>\n<meta property=\"article:modified_time\" content=\"2025-02-06T17:21:40+00:00\" \/>\n<meta property=\"og:image\" content=\"https:\/\/frz.world\/clf\/wp-content\/themes\/clf\/images\/map.jpg\" \/>\n<meta name=\"twitter:card\" content=\"summary_large_image\" \/>\n<meta name=\"twitter:label1\" content=\"Dur\u00e9e de lecture estim\u00e9e\" \/>\n\t<meta name=\"twitter:data1\" content=\"3 minutes\" \/>\n<script type=\"application\/ld+json\" class=\"yoast-schema-graph\">{\"@context\":\"https:\/\/schema.org\",\"@graph\":[{\"@type\":\"WebPage\",\"@id\":\"https:\/\/www.clf-teh.org\/fr\/contact\/\",\"url\":\"https:\/\/www.clf-teh.org\/fr\/contact\/\",\"name\":\"Contact - Centre de langue fran\u00e7aise de T\u00e9h\u00e9ran\",\"isPartOf\":{\"@id\":\"https:\/\/www.clf-teh.org\/fr\/#website\"},\"primaryImageOfPage\":{\"@id\":\"https:\/\/www.clf-teh.org\/fr\/contact\/#primaryimage\"},\"image\":{\"@id\":\"https:\/\/www.clf-teh.org\/fr\/contact\/#primaryimage\"},\"thumbnailUrl\":\"https:\/\/frz.world\/clf\/wp-content\/themes\/clf\/images\/map.jpg\",\"datePublished\":\"2024-07-08T16:09:49+00:00\",\"dateModified\":\"2025-02-06T17:21:40+00:00\",\"breadcrumb\":{\"@id\":\"https:\/\/www.clf-teh.org\/fr\/contact\/#breadcrumb\"},\"inLanguage\":\"fr-FR\",\"potentialAction\":[{\"@type\":\"ReadAction\",\"target\":[\"https:\/\/www.clf-teh.org\/fr\/contact\/\"]}]},{\"@type\":\"ImageObject\",\"inLanguage\":\"fr-FR\",\"@id\":\"https:\/\/www.clf-teh.org\/fr\/contact\/#primaryimage\",\"url\":\"https:\/\/frz.world\/clf\/wp-content\/themes\/clf\/images\/map.jpg\",\"contentUrl\":\"https:\/\/frz.world\/clf\/wp-content\/themes\/clf\/images\/map.jpg\"},{\"@type\":\"BreadcrumbList\",\"@id\":\"https:\/\/www.clf-teh.org\/fr\/contact\/#breadcrumb\",\"itemListElement\":[{\"@type\":\"ListItem\",\"position\":1,\"name\":\"\u062e\u0627\u0646\u0647\",\"item\":\"https:\/\/www.clf-teh.org\/fr\/\"},{\"@type\":\"ListItem\",\"position\":2,\"name\":\"Contact\"}]},{\"@type\":\"WebSite\",\"@id\":\"https:\/\/www.clf-teh.org\/fr\/#website\",\"url\":\"https:\/\/www.clf-teh.org\/fr\/\",\"name\":\"Centre de langue fran\u00e7aise de T\u00e9h\u00e9ran\",\"description\":\"\",\"potentialAction\":[{\"@type\":\"SearchAction\",\"target\":{\"@type\":\"EntryPoint\",\"urlTemplate\":\"https:\/\/www.clf-teh.org\/fr\/?s={search_term_string}\"},\"query-input\":{\"@type\":\"PropertyValueSpecification\",\"valueRequired\":true,\"valueName\":\"search_term_string\"}}],\"inLanguage\":\"fr-FR\"}]}<\/script>\n<!-- \/ Yoast SEO Premium plugin. -->","yoast_head_json":{"title":"Contact - Centre de langue fran\u00e7aise de T\u00e9h\u00e9ran","robots":{"index":"index","follow":"follow","max-snippet":"max-snippet:-1","max-image-preview":"max-image-preview:large","max-video-preview":"max-video-preview:-1"},"canonical":"https:\/\/www.clf-teh.org\/fr\/contact\/","og_locale":"fr_FR","og_type":"article","og_title":"Contact","og_description":"Centre de Langue fran\u00e7aise, CLF Avenue Enghelab Entre le carrefour Kaledj et la place FerdowsiRue Abivard, impasse Kimia 8T\u00e9h\u00e9ranVoir sur le plan Le CLF vous r\u00e9ponddu dimanche au mercredide 09h \u00e0 18hle jeudide 09h \u00e0 17h Num\u00e9ros d&rsquo;appel40\/41\/43\/44 50 70 6666 71 41 5666 71 69 0866 70 68 09 Service des coursDu dimanche au [&hellip;]","og_url":"https:\/\/www.clf-teh.org\/fr\/contact\/","og_site_name":"Centre de langue fran\u00e7aise de T\u00e9h\u00e9ran","article_modified_time":"2025-02-06T17:21:40+00:00","og_image":[{"url":"https:\/\/frz.world\/clf\/wp-content\/themes\/clf\/images\/map.jpg","type":"","width":"","height":""}],"twitter_card":"summary_large_image","twitter_misc":{"Dur\u00e9e de lecture estim\u00e9e":"3 minutes"},"schema":{"@context":"https:\/\/schema.org","@graph":[{"@type":"WebPage","@id":"https:\/\/www.clf-teh.org\/fr\/contact\/","url":"https:\/\/www.clf-teh.org\/fr\/contact\/","name":"Contact - Centre de langue fran\u00e7aise de T\u00e9h\u00e9ran","isPartOf":{"@id":"https:\/\/www.clf-teh.org\/fr\/#website"},"primaryImageOfPage":{"@id":"https:\/\/www.clf-teh.org\/fr\/contact\/#primaryimage"},"image":{"@id":"https:\/\/www.clf-teh.org\/fr\/contact\/#primaryimage"},"thumbnailUrl":"https:\/\/frz.world\/clf\/wp-content\/themes\/clf\/images\/map.jpg","datePublished":"2024-07-08T16:09:49+00:00","dateModified":"2025-02-06T17:21:40+00:00","breadcrumb":{"@id":"https:\/\/www.clf-teh.org\/fr\/contact\/#breadcrumb"},"inLanguage":"fr-FR","potentialAction":[{"@type":"ReadAction","target":["https:\/\/www.clf-teh.org\/fr\/contact\/"]}]},{"@type":"ImageObject","inLanguage":"fr-FR","@id":"https:\/\/www.clf-teh.org\/fr\/contact\/#primaryimage","url":"https:\/\/frz.world\/clf\/wp-content\/themes\/clf\/images\/map.jpg","contentUrl":"https:\/\/frz.world\/clf\/wp-content\/themes\/clf\/images\/map.jpg"},{"@type":"BreadcrumbList","@id":"https:\/\/www.clf-teh.org\/fr\/contact\/#breadcrumb","itemListElement":[{"@type":"ListItem","position":1,"name":"\u062e\u0627\u0646\u0647","item":"https:\/\/www.clf-teh.org\/fr\/"},{"@type":"ListItem","position":2,"name":"Contact"}]},{"@type":"WebSite","@id":"https:\/\/www.clf-teh.org\/fr\/#website","url":"https:\/\/www.clf-teh.org\/fr\/","name":"Centre de langue fran\u00e7aise de T\u00e9h\u00e9ran","description":"","potentialAction":[{"@type":"SearchAction","target":{"@type":"EntryPoint","urlTemplate":"https:\/\/www.clf-teh.org\/fr\/?s={search_term_string}"},"query-input":{"@type":"PropertyValueSpecification","valueRequired":true,"valueName":"search_term_string"}}],"inLanguage":"fr-FR"}]}},"_links":{"self":[{"href":"https:\/\/www.clf-teh.org\/fr\/wp-json\/wp\/v2\/pages\/62","targetHints":{"allow":["GET"]}}],"collection":[{"href":"https:\/\/www.clf-teh.org\/fr\/wp-json\/wp\/v2\/pages"}],"about":[{"href":"https:\/\/www.clf-teh.org\/fr\/wp-json\/wp\/v2\/types\/page"}],"author":[{"embeddable":true,"href":"https:\/\/www.clf-teh.org\/fr\/wp-json\/wp\/v2\/users\/1"}],"replies":[{"embeddable":true,"href":"https:\/\/www.clf-teh.org\/fr\/wp-json\/wp\/v2\/comments?post=62"}],"version-history":[{"count":41,"href":"https:\/\/www.clf-teh.org\/fr\/wp-json\/wp\/v2\/pages\/62\/revisions"}],"predecessor-version":[{"id":6655,"href":"https:\/\/www.clf-teh.org\/fr\/wp-json\/wp\/v2\/pages\/62\/revisions\/6655"}],"wp:attachment":[{"href":"https:\/\/www.clf-teh.org\/fr\/wp-json\/wp\/v2\/media?parent=62"}],"curies":[{"name":"wp","href":"https:\/\/api.w.org\/{rel}","templated":true}]}}