{"id":61,"date":"2024-07-08T19:39:43","date_gmt":"2024-07-08T16:09:43","guid":{"rendered":"https:\/\/frz.world\/clf\/a-propos\/"},"modified":"2024-09-19T22:16:00","modified_gmt":"2024-09-19T18:46:00","slug":"a-propos","status":"publish","type":"page","link":"https:\/\/www.clf-teh.org\/fr\/a-propos\/","title":{"rendered":"\u00c0 propos"},"content":{"rendered":"\n<p>Ouvert depuis plus de vingt ans et id\u00e9alement situ\u00e9 \u00e0 proximit\u00e9 des quartiers universitaires, le <strong>Centre de langue fran\u00e7aise, CLF<\/strong>, vous invite \u00e0 d\u00e9couvrir la langue et la culture fran\u00e7aises au c\u0153ur de T\u00e9h\u00e9ran. L&rsquo;ensemble des prestations de qualit\u00e9 de ce centre vous sont propos\u00e9es afin de vous accompagner dans vos projets et enrichir vos connaissances.<\/p>\n\n\n\n<p>Avec une \u00e9quipe de <strong>professeurs hautement qualifi\u00e9s<\/strong> et passionn\u00e9s, le CLF propose des <strong>cours de fran\u00e7ais<\/strong> efficaces, dynamiques et adapt\u00e9s \u00e0 vos besoins. Que ce soit pour des raisons professionnelles, acad\u00e9miques ou par passion pour la langue, nous vous garantissons un <strong>apprentissage r\u00e9ussi<\/strong>.<\/p>\n\n\n\n<p>Le CLF est \u00e9galement un <strong>centre de passation officiel<\/strong> des examens du <strong>TCF <\/strong>&#8211; Test de connaissance du fran\u00e7ais -, du <strong>DELF <\/strong>&#8211; Dipl\u00f4me d&rsquo;\u00e9tudes en langue fran\u00e7aise &#8211; et du <strong>DALF <\/strong>&#8211; Dipl\u00f4me approfondi de langue fran\u00e7aise -, agr\u00e9\u00e9 par <strong><a href=\"https:\/\/www.france-education-international.fr\/\" target=\"_blank\" rel=\"noreferrer noopener\">France Education International<\/a> ou FEI<\/strong>. Si vous avez obtenu une pr\u00e9-inscription au sein d\u2019un \u00e9tablissement de l\u2019enseignement sup\u00e9rieur fran\u00e7ais, vous devez pr\u00e9senter une certification de fran\u00e7ais dans votre dossier : TCF TP ou DELF ou DALF.<\/p>\n\n\n\n<p>Riche de quelques 25 000 documents authentiques &#8211; magazines, livres, CD et DVD -, la collection de <strong>la m\u00e9diath\u00e8que du CLF<\/strong> constitue la seule offre g\u00e9n\u00e9raliste de documents en langue fran\u00e7aise accessible au public en Iran.<\/p>\n\n\n\n<p>Le CLF organise tout au  long de l&rsquo;ann\u00e9e des <strong>formations pour enseignants de FLE<\/strong>. Anim\u00e9es par des formateurs exp\u00e9riment\u00e9s et r\u00e9guli\u00e8rement form\u00e9s en France, ces formations vous aideront \u00e0 maitriser les techniques, les approches p\u00e9dagogiques et les gestes professionnels d\u00e9di\u00e9s \u00e0 l&rsquo;enseignement du fran\u00e7ais aux adultes et jeunes publics. <\/p>\n\n\n\n<p>Si vous souhaitez poursuivre vos \u00e9tudes en France, vous pouvez faire confiance \u00e0 nos coll\u00e8gues de <strong><a href=\"https:\/\/www.iran.campusfrance.org\/\" target=\"_blank\" rel=\"noreferrer noopener\">Campus France Iran<\/a><\/strong> pour vous accompagner tout au long de vos d\u00e9marches.<\/p>\n\n\n\n<p>N&rsquo;h\u00e9sitez pas \u00e0 venir <strong><a href=\"https:\/\/www.clf-teh.org\/fr\/contact\/\">nous rendre visite<\/a><\/strong>.<\/p>\n","protected":false},"excerpt":{"rendered":"<p>Ouvert depuis plus de vingt ans et id\u00e9alement situ\u00e9 \u00e0 proximit\u00e9 des quartiers universitaires, le Centre de langue fran\u00e7aise, CLF, vous invite \u00e0 d\u00e9couvrir la langue et la culture fran\u00e7aises au c\u0153ur de T\u00e9h\u00e9ran. L&rsquo;ensemble des prestations de qualit\u00e9 de ce centre vous sont propos\u00e9es afin de vous accompagner dans vos projets et enrichir vos [&hellip;]<\/p>\n","protected":false},"author":1,"featured_media":170,"parent":0,"menu_order":0,"comment_status":"closed","ping_status":"closed","template":"","meta":{"_acf_changed":false,"footnotes":""},"class_list":["post-61","page","type-page","status-publish","has-post-thumbnail","hentry"],"featured_image_src":"https:\/\/www.clf-teh.org\/wp-content\/uploads\/2024\/07\/01_1.38.1-1.jpg","acf":[],"yoast_head":"<!-- This site is optimized with the Yoast SEO Premium plugin v23.4 (Yoast SEO v26.9) - https:\/\/yoast.com\/product\/yoast-seo-premium-wordpress\/ -->\n<title>\u00c0 propos - Centre de langue fran\u00e7aise de T\u00e9h\u00e9ran<\/title>\n<meta name=\"robots\" content=\"index, follow, max-snippet:-1, max-image-preview:large, max-video-preview:-1\" \/>\n<link rel=\"canonical\" href=\"https:\/\/www.clf-teh.org\/fr\/a-propos\/\" \/>\n<meta property=\"og:locale\" content=\"fr_FR\" \/>\n<meta property=\"og:type\" content=\"article\" \/>\n<meta property=\"og:title\" content=\"\u00c0 propos\" \/>\n<meta property=\"og:description\" content=\"Ouvert depuis plus de vingt ans et id\u00e9alement situ\u00e9 \u00e0 proximit\u00e9 des quartiers universitaires, le Centre de langue fran\u00e7aise, CLF, vous invite \u00e0 d\u00e9couvrir la langue et la culture fran\u00e7aises au c\u0153ur de T\u00e9h\u00e9ran. L&rsquo;ensemble des prestations de qualit\u00e9 de ce centre vous sont propos\u00e9es afin de vous accompagner dans vos projets et enrichir vos [&hellip;]\" \/>\n<meta property=\"og:url\" content=\"https:\/\/www.clf-teh.org\/fr\/a-propos\/\" \/>\n<meta property=\"og:site_name\" content=\"Centre de langue fran\u00e7aise de T\u00e9h\u00e9ran\" \/>\n<meta property=\"article:modified_time\" content=\"2024-09-19T18:46:00+00:00\" \/>\n<meta property=\"og:image\" content=\"https:\/\/www.clf-teh.org\/wp-content\/uploads\/2024\/07\/01_1.38.1-1.jpg\" \/>\n\t<meta property=\"og:image:width\" content=\"1800\" \/>\n\t<meta property=\"og:image:height\" content=\"1193\" \/>\n\t<meta property=\"og:image:type\" content=\"image\/jpeg\" \/>\n<meta name=\"twitter:card\" content=\"summary_large_image\" \/>\n<meta name=\"twitter:label1\" content=\"Dur\u00e9e de lecture estim\u00e9e\" \/>\n\t<meta name=\"twitter:data1\" content=\"2 minutes\" \/>\n<script type=\"application\/ld+json\" class=\"yoast-schema-graph\">{\"@context\":\"https:\/\/schema.org\",\"@graph\":[{\"@type\":\"WebPage\",\"@id\":\"https:\/\/www.clf-teh.org\/fr\/a-propos\/\",\"url\":\"https:\/\/www.clf-teh.org\/fr\/a-propos\/\",\"name\":\"\u00c0 propos - Centre de langue fran\u00e7aise de T\u00e9h\u00e9ran\",\"isPartOf\":{\"@id\":\"https:\/\/www.clf-teh.org\/fr\/#website\"},\"primaryImageOfPage\":{\"@id\":\"https:\/\/www.clf-teh.org\/fr\/a-propos\/#primaryimage\"},\"image\":{\"@id\":\"https:\/\/www.clf-teh.org\/fr\/a-propos\/#primaryimage\"},\"thumbnailUrl\":\"https:\/\/www.clf-teh.org\/wp-content\/uploads\/2024\/07\/01_1.38.1-1.jpg\",\"datePublished\":\"2024-07-08T16:09:43+00:00\",\"dateModified\":\"2024-09-19T18:46:00+00:00\",\"breadcrumb\":{\"@id\":\"https:\/\/www.clf-teh.org\/fr\/a-propos\/#breadcrumb\"},\"inLanguage\":\"fr-FR\",\"potentialAction\":[{\"@type\":\"ReadAction\",\"target\":[\"https:\/\/www.clf-teh.org\/fr\/a-propos\/\"]}]},{\"@type\":\"ImageObject\",\"inLanguage\":\"fr-FR\",\"@id\":\"https:\/\/www.clf-teh.org\/fr\/a-propos\/#primaryimage\",\"url\":\"https:\/\/www.clf-teh.org\/wp-content\/uploads\/2024\/07\/01_1.38.1-1.jpg\",\"contentUrl\":\"https:\/\/www.clf-teh.org\/wp-content\/uploads\/2024\/07\/01_1.38.1-1.jpg\",\"width\":1800,\"height\":1193},{\"@type\":\"BreadcrumbList\",\"@id\":\"https:\/\/www.clf-teh.org\/fr\/a-propos\/#breadcrumb\",\"itemListElement\":[{\"@type\":\"ListItem\",\"position\":1,\"name\":\"\u062e\u0627\u0646\u0647\",\"item\":\"https:\/\/www.clf-teh.org\/fr\/\"},{\"@type\":\"ListItem\",\"position\":2,\"name\":\"\u00c0 propos\"}]},{\"@type\":\"WebSite\",\"@id\":\"https:\/\/www.clf-teh.org\/fr\/#website\",\"url\":\"https:\/\/www.clf-teh.org\/fr\/\",\"name\":\"Centre de langue fran\u00e7aise de T\u00e9h\u00e9ran\",\"description\":\"\",\"potentialAction\":[{\"@type\":\"SearchAction\",\"target\":{\"@type\":\"EntryPoint\",\"urlTemplate\":\"https:\/\/www.clf-teh.org\/fr\/?s={search_term_string}\"},\"query-input\":{\"@type\":\"PropertyValueSpecification\",\"valueRequired\":true,\"valueName\":\"search_term_string\"}}],\"inLanguage\":\"fr-FR\"}]}<\/script>\n<!-- \/ Yoast SEO Premium plugin. -->","yoast_head_json":{"title":"\u00c0 propos - Centre de langue fran\u00e7aise de T\u00e9h\u00e9ran","robots":{"index":"index","follow":"follow","max-snippet":"max-snippet:-1","max-image-preview":"max-image-preview:large","max-video-preview":"max-video-preview:-1"},"canonical":"https:\/\/www.clf-teh.org\/fr\/a-propos\/","og_locale":"fr_FR","og_type":"article","og_title":"\u00c0 propos","og_description":"Ouvert depuis plus de vingt ans et id\u00e9alement situ\u00e9 \u00e0 proximit\u00e9 des quartiers universitaires, le Centre de langue fran\u00e7aise, CLF, vous invite \u00e0 d\u00e9couvrir la langue et la culture fran\u00e7aises au c\u0153ur de T\u00e9h\u00e9ran. L&rsquo;ensemble des prestations de qualit\u00e9 de ce centre vous sont propos\u00e9es afin de vous accompagner dans vos projets et enrichir vos [&hellip;]","og_url":"https:\/\/www.clf-teh.org\/fr\/a-propos\/","og_site_name":"Centre de langue fran\u00e7aise de T\u00e9h\u00e9ran","article_modified_time":"2024-09-19T18:46:00+00:00","og_image":[{"width":1800,"height":1193,"url":"https:\/\/www.clf-teh.org\/wp-content\/uploads\/2024\/07\/01_1.38.1-1.jpg","type":"image\/jpeg"}],"twitter_card":"summary_large_image","twitter_misc":{"Dur\u00e9e de lecture estim\u00e9e":"2 minutes"},"schema":{"@context":"https:\/\/schema.org","@graph":[{"@type":"WebPage","@id":"https:\/\/www.clf-teh.org\/fr\/a-propos\/","url":"https:\/\/www.clf-teh.org\/fr\/a-propos\/","name":"\u00c0 propos - Centre de langue fran\u00e7aise de T\u00e9h\u00e9ran","isPartOf":{"@id":"https:\/\/www.clf-teh.org\/fr\/#website"},"primaryImageOfPage":{"@id":"https:\/\/www.clf-teh.org\/fr\/a-propos\/#primaryimage"},"image":{"@id":"https:\/\/www.clf-teh.org\/fr\/a-propos\/#primaryimage"},"thumbnailUrl":"https:\/\/www.clf-teh.org\/wp-content\/uploads\/2024\/07\/01_1.38.1-1.jpg","datePublished":"2024-07-08T16:09:43+00:00","dateModified":"2024-09-19T18:46:00+00:00","breadcrumb":{"@id":"https:\/\/www.clf-teh.org\/fr\/a-propos\/#breadcrumb"},"inLanguage":"fr-FR","potentialAction":[{"@type":"ReadAction","target":["https:\/\/www.clf-teh.org\/fr\/a-propos\/"]}]},{"@type":"ImageObject","inLanguage":"fr-FR","@id":"https:\/\/www.clf-teh.org\/fr\/a-propos\/#primaryimage","url":"https:\/\/www.clf-teh.org\/wp-content\/uploads\/2024\/07\/01_1.38.1-1.jpg","contentUrl":"https:\/\/www.clf-teh.org\/wp-content\/uploads\/2024\/07\/01_1.38.1-1.jpg","width":1800,"height":1193},{"@type":"BreadcrumbList","@id":"https:\/\/www.clf-teh.org\/fr\/a-propos\/#breadcrumb","itemListElement":[{"@type":"ListItem","position":1,"name":"\u062e\u0627\u0646\u0647","item":"https:\/\/www.clf-teh.org\/fr\/"},{"@type":"ListItem","position":2,"name":"\u00c0 propos"}]},{"@type":"WebSite","@id":"https:\/\/www.clf-teh.org\/fr\/#website","url":"https:\/\/www.clf-teh.org\/fr\/","name":"Centre de langue fran\u00e7aise de T\u00e9h\u00e9ran","description":"","potentialAction":[{"@type":"SearchAction","target":{"@type":"EntryPoint","urlTemplate":"https:\/\/www.clf-teh.org\/fr\/?s={search_term_string}"},"query-input":{"@type":"PropertyValueSpecification","valueRequired":true,"valueName":"search_term_string"}}],"inLanguage":"fr-FR"}]}},"_links":{"self":[{"href":"https:\/\/www.clf-teh.org\/fr\/wp-json\/wp\/v2\/pages\/61","targetHints":{"allow":["GET"]}}],"collection":[{"href":"https:\/\/www.clf-teh.org\/fr\/wp-json\/wp\/v2\/pages"}],"about":[{"href":"https:\/\/www.clf-teh.org\/fr\/wp-json\/wp\/v2\/types\/page"}],"author":[{"embeddable":true,"href":"https:\/\/www.clf-teh.org\/fr\/wp-json\/wp\/v2\/users\/1"}],"replies":[{"embeddable":true,"href":"https:\/\/www.clf-teh.org\/fr\/wp-json\/wp\/v2\/comments?post=61"}],"version-history":[{"count":25,"href":"https:\/\/www.clf-teh.org\/fr\/wp-json\/wp\/v2\/pages\/61\/revisions"}],"predecessor-version":[{"id":5783,"href":"https:\/\/www.clf-teh.org\/fr\/wp-json\/wp\/v2\/pages\/61\/revisions\/5783"}],"wp:featuredmedia":[{"embeddable":true,"href":"https:\/\/www.clf-teh.org\/fr\/wp-json\/wp\/v2\/media\/170"}],"wp:attachment":[{"href":"https:\/\/www.clf-teh.org\/fr\/wp-json\/wp\/v2\/media?parent=61"}],"curies":[{"name":"wp","href":"https:\/\/api.w.org\/{rel}","templated":true}]}}